{"id":443,"date":"2026-03-28T14:28:41","date_gmt":"2026-03-28T13:28:41","guid":{"rendered":"https:\/\/folkdans.nu\/?page_id=443"},"modified":"2026-03-28T15:18:02","modified_gmt":"2026-03-28T14:18:02","slug":"ebbas-testsida-radera-ej","status":"publish","type":"page","link":"https:\/\/folkdans.nu\/en\/ebbas-testsida-radera-ej\/","title":{"rendered":"Ebbas testsida &#8211; RADERA EJ"},"content":{"rendered":"\t\t<div data-elementor-type=\"wp-page\" data-elementor-id=\"443\" class=\"elementor elementor-443\">\n\t\t\t\t<div class=\"elementor-element elementor-element-840623f e-flex e-con-boxed e-con e-parent\" data-id=\"840623f\" data-element_type=\"container\" data-e-type=\"container\">\n\t\t\t\t\t<div class=\"e-con-inner\">\n\t\t<div class=\"elementor-element elementor-element-5a2aba5 e-con-full e-flex e-con e-child\" data-id=\"5a2aba5\" data-element_type=\"container\" data-e-type=\"container\">\n\t\t\t\t<\/div>\n\t\t\t\t\t<\/div>\n\t\t\t\t<\/div>\n\t\t<div class=\"elementor-element elementor-element-527a2c2 e-grid e-con-boxed e-con e-parent\" data-id=\"527a2c2\" data-element_type=\"container\" data-e-type=\"container\">\n\t\t\t\t\t<div class=\"e-con-inner\">\n\t\t\t\t<div class=\"elementor-element elementor-element-ce7dabc elementor-widget elementor-widget-spacer\" data-id=\"ce7dabc\" data-element_type=\"widget\" data-e-type=\"widget\" data-widget_type=\"spacer.default\">\n\t\t\t\t\t\t\t<div class=\"elementor-spacer\">\n\t\t\t<div class=\"elementor-spacer-inner\"><\/div>\n\t\t<\/div>\n\t\t\t\t\t\t<\/div>\n\t\t<div class=\"elementor-element elementor-element-58352e4 e-con-full e-flex e-con e-child\" data-id=\"58352e4\" data-element_type=\"container\" data-e-type=\"container\">\n\t\t<div class=\"elementor-element elementor-element-ddc0cc0 e-con-full e-flex e-con e-child\" data-id=\"ddc0cc0\" data-element_type=\"container\" data-e-type=\"container\">\n\t\t\t\t<div class=\"elementor-element elementor-element-bfc4cf0 elementor-widget elementor-widget-heading\" data-id=\"bfc4cf0\" data-element_type=\"widget\" data-e-type=\"widget\" data-widget_type=\"heading.default\">\n\t\t\t\t\t<h2 class=\"elementor-heading-title elementor-size-default\">Tr\u00e4ningstider<\/h2>\t\t\t\t<\/div>\n\t\t\t\t<div class=\"elementor-element elementor-element-c417fab elementor-widget elementor-widget-text-editor\" data-id=\"c417fab\" data-element_type=\"widget\" data-e-type=\"widget\" data-widget_type=\"text-editor.default\">\n\t\t\t\t\t\t\t\t\t<p>M\u00e5ndagar:<br \/>18.00-18.45 Knattelaget<br \/>18.00-19.00 Barnlaget<br \/>18.45-21.00 Vuxna Folkdans Tempo\/teknik<\/p><p>Tisdagar udda veckor:<br \/>19.00-21.00 Herrskapsdansarna<\/p><p>Torsdagar:<br \/>18.30-20.00 Nyb\u00f6rjare och forts\u00e4ttningskurs<br \/>19.00-21.00 Vuxna Folkdans<\/p>\t\t\t\t\t\t\t\t<\/div>\n\t\t\t\t<\/div>\n\t\t\t\t<\/div>\n\t\t\t\t\t<\/div>\n\t\t\t\t<\/div>\n\t\t<div class=\"elementor-element elementor-element-902863b e-grid e-con-boxed e-con e-parent\" data-id=\"902863b\" data-element_type=\"container\" data-e-type=\"container\">\n\t\t\t\t\t<div class=\"e-con-inner\">\n\t\t\t\t<div class=\"elementor-element elementor-element-5ec9daf elementor-widget elementor-widget-spacer\" data-id=\"5ec9daf\" data-element_type=\"widget\" data-e-type=\"widget\" data-widget_type=\"spacer.default\">\n\t\t\t\t\t\t\t<div class=\"elementor-spacer\">\n\t\t\t<div class=\"elementor-spacer-inner\"><\/div>\n\t\t<\/div>\n\t\t\t\t\t\t<\/div>\n\t\t\t\t<div class=\"elementor-element elementor-element-d77f44f elementor-widget elementor-widget-the-events-calendar-addon\" data-id=\"d77f44f\" data-element_type=\"widget\" data-e-type=\"widget\" data-widget_type=\"the-events-calendar-addon.default\">\n\t\t\t\t<div class=\"elementor-widget-container\">\n\t\t\t\t\t<!=========Events minimal-list Template 1.7.3=========><script type=\"application\/ld+json\">\r\n[{\"@context\":\"http:\/\/schema.org\",\"@type\":\"Event\",\"name\":\"Fackeldanstr\\u00e4ning\",\"description\":\"\",\"url\":\"https:\/\/folkdans.nu\/en\/event\/fackeldanstraning\/\",\"eventAttendanceMode\":\"https:\/\/schema.org\/OfflineEventAttendanceMode\",\"eventStatus\":\"https:\/\/schema.org\/EventScheduled\",\"startDate\":\"2026-05-03T10:00:00+02:00\",\"endDate\":\"2026-05-03T12:00:00+02:00\",\"location\":{\"@type\":\"Place\",\"name\":\"Stora salen\",\"description\":\"\",\"url\":\"\",\"address\":{\"@type\":\"PostalAddress\"},\"telephone\":\"\",\"sameAs\":\"\"},\"performer\":\"Organization\"},{\"@context\":\"http:\/\/schema.org\",\"@type\":\"Event\",\"name\":\"Styrelsem\\u00f6te\",\"description\":\"\",\"url\":\"https:\/\/folkdans.nu\/en\/event\/styrelsemote\/\",\"eventAttendanceMode\":\"https:\/\/schema.org\/OfflineEventAttendanceMode\",\"eventStatus\":\"https:\/\/schema.org\/EventScheduled\",\"startDate\":\"2026-05-05T18:00:00+02:00\",\"endDate\":\"2026-05-05T21:00:00+02:00\",\"location\":{\"@type\":\"Place\",\"name\":\"M\\u00f6tesrummet\",\"description\":\"\",\"url\":\"\",\"address\":{\"@type\":\"PostalAddress\"},\"telephone\":\"\",\"sameAs\":\"\"},\"performer\":\"Organization\"},{\"@context\":\"http:\/\/schema.org\",\"@type\":\"Event\",\"name\":\"Funktion\\u00e4rstr\\u00e4ff\",\"description\":\"&lt;p&gt;Plats meddelas senare&lt;\/p&gt;\\\\n\",\"url\":\"https:\/\/folkdans.nu\/en\/event\/funktionarstraff\/\",\"eventAttendanceMode\":\"https:\/\/schema.org\/OfflineEventAttendanceMode\",\"eventStatus\":\"https:\/\/schema.org\/EventScheduled\",\"startDate\":\"2026-05-13T18:00:00+02:00\",\"endDate\":\"2026-05-13T22:00:00+02:00\",\"performer\":\"Organization\"},{\"@context\":\"http:\/\/schema.org\",\"@type\":\"Event\",\"name\":\"Halv\\u00e5rsm\\u00f6te\",\"description\":\"\",\"url\":\"https:\/\/folkdans.nu\/en\/event\/halvarsmote\/\",\"eventAttendanceMode\":\"https:\/\/schema.org\/OfflineEventAttendanceMode\",\"eventStatus\":\"https:\/\/schema.org\/EventScheduled\",\"startDate\":\"2026-05-13T18:30:00+02:00\",\"endDate\":\"2026-05-13T21:00:00+02:00\",\"location\":{\"@type\":\"Place\",\"name\":\"Lilla salen\",\"description\":\"\",\"url\":\"\",\"address\":{\"@type\":\"PostalAddress\"},\"telephone\":\"\",\"sameAs\":\"\"},\"performer\":\"Organization\"},{\"@context\":\"http:\/\/schema.org\",\"@type\":\"Event\",\"name\":\"Kurs f\\u00f6r \\u00e5rskurs 9 inf\\u00f6r bal\",\"description\":\"\",\"url\":\"https:\/\/folkdans.nu\/en\/event\/kurs-for-arskurs-9-infor-bal\/\",\"eventAttendanceMode\":\"https:\/\/schema.org\/OfflineEventAttendanceMode\",\"eventStatus\":\"https:\/\/schema.org\/EventScheduled\",\"startDate\":\"2026-05-25T00:00:00+02:00\",\"endDate\":\"2026-05-25T23:59:59+02:00\",\"performer\":\"Organization\"},{\"@context\":\"http:\/\/schema.org\",\"@type\":\"Event\",\"name\":\"Terminsavslutning Knatte-, Barnlag och Tempo\/teknik\",\"description\":\"\",\"url\":\"https:\/\/folkdans.nu\/en\/event\/terminsavslutning-knatte-barnlag-och-tempo-teknik\/\",\"eventAttendanceMode\":\"https:\/\/schema.org\/OfflineEventAttendanceMode\",\"eventStatus\":\"https:\/\/schema.org\/EventScheduled\",\"startDate\":\"2026-06-01T00:00:00+02:00\",\"endDate\":\"2026-06-01T23:59:59+02:00\",\"performer\":\"Organization\"},{\"@context\":\"http:\/\/schema.org\",\"@type\":\"Event\",\"name\":\"Terminsavslutning Herrskapsdansarna\",\"description\":\"\",\"url\":\"https:\/\/folkdans.nu\/en\/event\/terminsavslutning-herrskapsdansarna\/\",\"eventAttendanceMode\":\"https:\/\/schema.org\/OfflineEventAttendanceMode\",\"eventStatus\":\"https:\/\/schema.org\/EventScheduled\",\"startDate\":\"2026-06-02T19:00:00+02:00\",\"endDate\":\"2026-06-02T21:00:00+02:00\",\"location\":{\"@type\":\"Place\",\"name\":\"Stora salen\",\"description\":\"\",\"url\":\"\",\"address\":{\"@type\":\"PostalAddress\"},\"telephone\":\"\",\"sameAs\":\"\"},\"performer\":\"Organization\"},{\"@context\":\"http:\/\/schema.org\",\"@type\":\"Event\",\"name\":\"Terminsavslutning Vuxna Folkdans och Forts\\u00e4ttningskurs\",\"description\":\"\",\"url\":\"https:\/\/folkdans.nu\/en\/event\/terminsavslutning-vuxna-folkdans-och-fortsattningskurs\/\",\"eventAttendanceMode\":\"https:\/\/schema.org\/OfflineEventAttendanceMode\",\"eventStatus\":\"https:\/\/schema.org\/EventScheduled\",\"startDate\":\"2026-06-04T18:30:00+02:00\",\"endDate\":\"2026-06-04T21:00:00+02:00\",\"location\":{\"@type\":\"Place\",\"name\":\"26:an\",\"description\":\"\",\"url\":\"\",\"address\":{\"@type\":\"PostalAddress\"},\"telephone\":\"\",\"sameAs\":\"\"},\"performer\":\"Organization\"},{\"@context\":\"http:\/\/schema.org\",\"@type\":\"Event\",\"name\":\"Extratr\\u00e4ning Midsommar\",\"description\":\"\",\"url\":\"https:\/\/folkdans.nu\/en\/event\/extratraning-midsommar\/\",\"eventAttendanceMode\":\"https:\/\/schema.org\/OfflineEventAttendanceMode\",\"eventStatus\":\"https:\/\/schema.org\/EventScheduled\",\"startDate\":\"2026-06-11T18:00:00+02:00\",\"endDate\":\"2026-06-11T21:00:00+02:00\",\"location\":{\"@type\":\"Place\",\"name\":\"Stora salen\",\"description\":\"\",\"url\":\"\",\"address\":{\"@type\":\"PostalAddress\"},\"telephone\":\"\",\"sameAs\":\"\"},\"performer\":\"Organization\"},{\"@context\":\"http:\/\/schema.org\",\"@type\":\"Event\",\"name\":\"Extratr\\u00e4ning Midsommar\",\"description\":\"\",\"url\":\"https:\/\/folkdans.nu\/en\/event\/extratraning-midsommar-2\/\",\"eventAttendanceMode\":\"https:\/\/schema.org\/OfflineEventAttendanceMode\",\"eventStatus\":\"https:\/\/schema.org\/EventScheduled\",\"startDate\":\"2026-06-15T18:00:00+02:00\",\"endDate\":\"2026-06-15T21:00:00+02:00\",\"location\":{\"@type\":\"Place\",\"name\":\"Stora salen\",\"description\":\"\",\"url\":\"\",\"address\":{\"@type\":\"PostalAddress\"},\"telephone\":\"\",\"sameAs\":\"\"},\"performer\":\"Organization\"},{\"@context\":\"http:\/\/schema.org\",\"@type\":\"Event\",\"name\":\"Midsommarfirande p\\u00e5 Soldattorpet, Limhamn\",\"description\":\"\",\"url\":\"https:\/\/folkdans.nu\/en\/event\/midsommarfirande-pa-soldattorpet-limhamn\/\",\"eventAttendanceMode\":\"https:\/\/schema.org\/OfflineEventAttendanceMode\",\"eventStatus\":\"https:\/\/schema.org\/EventScheduled\",\"startDate\":\"2026-06-19T12:00:00+02:00\",\"endDate\":\"2026-06-19T14:00:00+02:00\",\"location\":{\"@type\":\"Place\",\"name\":\"Soldattorpet, Limhamn\",\"description\":\"\",\"url\":\"\",\"address\":{\"@type\":\"PostalAddress\",\"streetAddress\":\"Limhamnsv\\u00e4gen 102\",\"addressLocality\":\"Limhamn\",\"postalCode\":\"21613\",\"addressCountry\":\"Sweden\"},\"telephone\":\"\",\"sameAs\":\"\"},\"performer\":\"Organization\"},{\"@context\":\"http:\/\/schema.org\",\"@type\":\"Event\",\"name\":\"Midsommarfirande p\\u00e5 Bulltofta Rekreationsomr\\u00e5de\",\"description\":\"\",\"url\":\"https:\/\/folkdans.nu\/en\/event\/midsommarfirande-pa-bulltofta-rekreationsomrade\/\",\"eventAttendanceMode\":\"https:\/\/schema.org\/OfflineEventAttendanceMode\",\"eventStatus\":\"https:\/\/schema.org\/EventScheduled\",\"startDate\":\"2026-06-19T12:00:00+02:00\",\"endDate\":\"2026-06-19T13:00:00+02:00\",\"location\":{\"@type\":\"Place\",\"name\":\"Bulltofta rekreationsomr\\u00e5de\",\"description\":\"\",\"url\":\"\",\"address\":{\"@type\":\"PostalAddress\",\"streetAddress\":\"Ringbergagatan 71\",\"addressLocality\":\"Malm\\u00f6\",\"postalCode\":\"212 30\",\"addressCountry\":\"Sweden\"},\"telephone\":\"\",\"sameAs\":\"\"},\"performer\":\"Organization\"},{\"@context\":\"http:\/\/schema.org\",\"@type\":\"Event\",\"name\":\"Dans p\\u00e5 stranden\",\"description\":\"\",\"url\":\"https:\/\/folkdans.nu\/en\/event\/dans-pa-stranden\/\",\"eventAttendanceMode\":\"https:\/\/schema.org\/OfflineEventAttendanceMode\",\"eventStatus\":\"https:\/\/schema.org\/EventScheduled\",\"startDate\":\"2026-06-23T18:30:00+02:00\",\"endDate\":\"2026-06-23T21:00:00+02:00\",\"location\":{\"@type\":\"Place\",\"name\":\"Kallisbryggan, Ribersborg\",\"description\":\"\",\"url\":\"\",\"address\":{\"@type\":\"PostalAddress\",\"streetAddress\":\"Limhamnsv\\u00e4gen 27\",\"addressLocality\":\"Malm\\u00f6\",\"postalCode\":\"217 59\",\"addressCountry\":\"Sweden\"},\"telephone\":\"\",\"sameAs\":\"\"},\"performer\":\"Organization\"},{\"@context\":\"http:\/\/schema.org\",\"@type\":\"Event\",\"name\":\"Spelmansst\\u00e4mma i Smyge\",\"description\":\"&lt;p&gt;Uppvisning och prova-p\\u00e5 dans&lt;\/p&gt;\\\\n\",\"url\":\"https:\/\/folkdans.nu\/en\/event\/spelmansstamma-i-smyge\/\",\"eventAttendanceMode\":\"https:\/\/schema.org\/OfflineEventAttendanceMode\",\"eventStatus\":\"https:\/\/schema.org\/EventScheduled\",\"startDate\":\"2026-06-27T00:00:00+02:00\",\"endDate\":\"2026-06-27T23:59:59+02:00\",\"location\":{\"@type\":\"Place\",\"name\":\"Smygehuk\",\"description\":\"\",\"url\":\"\",\"address\":{\"@type\":\"PostalAddress\"},\"telephone\":\"\",\"sameAs\":\"\"},\"performer\":\"Organization\"},{\"@context\":\"http:\/\/schema.org\",\"@type\":\"Event\",\"name\":\"Dans p\\u00e5 stranden\",\"description\":\"\",\"url\":\"https:\/\/folkdans.nu\/en\/event\/dans-pa-stranden-2\/\",\"eventAttendanceMode\":\"https:\/\/schema.org\/OfflineEventAttendanceMode\",\"eventStatus\":\"https:\/\/schema.org\/EventScheduled\",\"startDate\":\"2026-06-30T18:30:00+02:00\",\"endDate\":\"2026-06-30T21:00:00+02:00\",\"location\":{\"@type\":\"Place\",\"name\":\"Kallisbryggan, Ribersborg\",\"description\":\"\",\"url\":\"\",\"address\":{\"@type\":\"PostalAddress\",\"streetAddress\":\"Limhamnsv\\u00e4gen 27\",\"addressLocality\":\"Malm\\u00f6\",\"postalCode\":\"217 59\",\"addressCountry\":\"Sweden\"},\"telephone\":\"\",\"sameAs\":\"\"},\"performer\":\"Organization\"},{\"@context\":\"http:\/\/schema.org\",\"@type\":\"Event\",\"name\":\"Dans p\\u00e5 stranden\",\"description\":\"\",\"url\":\"https:\/\/folkdans.nu\/en\/event\/dans-pa-stranden-3\/\",\"eventAttendanceMode\":\"https:\/\/schema.org\/OfflineEventAttendanceMode\",\"eventStatus\":\"https:\/\/schema.org\/EventScheduled\",\"startDate\":\"2026-07-07T18:30:00+02:00\",\"endDate\":\"2026-07-07T21:00:00+02:00\",\"location\":{\"@type\":\"Place\",\"name\":\"Kallisbryggan, Ribersborg\",\"description\":\"\",\"url\":\"\",\"address\":{\"@type\":\"PostalAddress\",\"streetAddress\":\"Limhamnsv\\u00e4gen 27\",\"addressLocality\":\"Malm\\u00f6\",\"postalCode\":\"217 59\",\"addressCountry\":\"Sweden\"},\"telephone\":\"\",\"sameAs\":\"\"},\"performer\":\"Organization\"},{\"@context\":\"http:\/\/schema.org\",\"@type\":\"Event\",\"name\":\"Dans p\\u00e5 stranden\",\"description\":\"\",\"url\":\"https:\/\/folkdans.nu\/en\/event\/dans-pa-stranden-4\/\",\"eventAttendanceMode\":\"https:\/\/schema.org\/OfflineEventAttendanceMode\",\"eventStatus\":\"https:\/\/schema.org\/EventScheduled\",\"startDate\":\"2026-07-14T18:30:00+02:00\",\"endDate\":\"2026-07-14T21:00:00+02:00\",\"location\":{\"@type\":\"Place\",\"name\":\"Kallisbryggan, Ribersborg\",\"description\":\"\",\"url\":\"\",\"address\":{\"@type\":\"PostalAddress\",\"streetAddress\":\"Limhamnsv\\u00e4gen 27\",\"addressLocality\":\"Malm\\u00f6\",\"postalCode\":\"217 59\",\"addressCountry\":\"Sweden\"},\"telephone\":\"\",\"sameAs\":\"\"},\"performer\":\"Organization\"},{\"@context\":\"http:\/\/schema.org\",\"@type\":\"Event\",\"name\":\"Dans p\\u00e5 stranden\",\"description\":\"\",\"url\":\"https:\/\/folkdans.nu\/en\/event\/dans-pa-stranden-5\/\",\"eventAttendanceMode\":\"https:\/\/schema.org\/OfflineEventAttendanceMode\",\"eventStatus\":\"https:\/\/schema.org\/EventScheduled\",\"startDate\":\"2026-07-21T18:30:00+02:00\",\"endDate\":\"2026-07-21T21:00:00+02:00\",\"location\":{\"@type\":\"Place\",\"name\":\"Kallisbryggan, Ribersborg\",\"description\":\"\",\"url\":\"\",\"address\":{\"@type\":\"PostalAddress\",\"streetAddress\":\"Limhamnsv\\u00e4gen 27\",\"addressLocality\":\"Malm\\u00f6\",\"postalCode\":\"217 59\",\"addressCountry\":\"Sweden\"},\"telephone\":\"\",\"sameAs\":\"\"},\"performer\":\"Organization\"},{\"@context\":\"http:\/\/schema.org\",\"@type\":\"Event\",\"name\":\"Europead i Bedrgamo, Italien\",\"description\":\"\",\"url\":\"https:\/\/folkdans.nu\/en\/event\/europead-i-bedrgamo-italien\/\",\"eventAttendanceMode\":\"https:\/\/schema.org\/OfflineEventAttendanceMode\",\"eventStatus\":\"https:\/\/schema.org\/EventScheduled\",\"startDate\":\"2026-07-22T00:00:00+02:00\",\"endDate\":\"2026-07-26T23:59:59+02:00\",\"performer\":\"Organization\"},{\"@context\":\"http:\/\/schema.org\",\"@type\":\"Event\",\"name\":\"Dans p\\u00e5 stranden\",\"description\":\"\",\"url\":\"https:\/\/folkdans.nu\/en\/event\/dans-pa-stranden-6\/\",\"eventAttendanceMode\":\"https:\/\/schema.org\/OfflineEventAttendanceMode\",\"eventStatus\":\"https:\/\/schema.org\/EventScheduled\",\"startDate\":\"2026-07-28T18:30:00+02:00\",\"endDate\":\"2026-07-28T21:00:00+02:00\",\"location\":{\"@type\":\"Place\",\"name\":\"Kallisbryggan, Ribersborg\",\"description\":\"\",\"url\":\"\",\"address\":{\"@type\":\"PostalAddress\",\"streetAddress\":\"Limhamnsv\\u00e4gen 27\",\"addressLocality\":\"Malm\\u00f6\",\"postalCode\":\"217 59\",\"addressCountry\":\"Sweden\"},\"telephone\":\"\",\"sameAs\":\"\"},\"performer\":\"Organization\"},{\"@context\":\"http:\/\/schema.org\",\"@type\":\"Event\",\"name\":\"Dans p\\u00e5 stranden\",\"description\":\"\",\"url\":\"https:\/\/folkdans.nu\/en\/event\/dans-pa-stranden-7\/\",\"eventAttendanceMode\":\"https:\/\/schema.org\/OfflineEventAttendanceMode\",\"eventStatus\":\"https:\/\/schema.org\/EventScheduled\",\"startDate\":\"2026-08-04T18:30:00+02:00\",\"endDate\":\"2026-08-04T21:00:00+02:00\",\"location\":{\"@type\":\"Place\",\"name\":\"Kallisbryggan, Ribersborg\",\"description\":\"\",\"url\":\"\",\"address\":{\"@type\":\"PostalAddress\",\"streetAddress\":\"Limhamnsv\\u00e4gen 27\",\"addressLocality\":\"Malm\\u00f6\",\"postalCode\":\"217 59\",\"addressCountry\":\"Sweden\"},\"telephone\":\"\",\"sameAs\":\"\"},\"performer\":\"Organization\"},{\"@context\":\"http:\/\/schema.org\",\"@type\":\"Event\",\"name\":\"Styrelsem\\u00f6te\",\"description\":\"\",\"url\":\"https:\/\/folkdans.nu\/en\/event\/styrelsemote-2\/\",\"eventAttendanceMode\":\"https:\/\/schema.org\/OfflineEventAttendanceMode\",\"eventStatus\":\"https:\/\/schema.org\/EventScheduled\",\"startDate\":\"2026-08-19T18:00:00+02:00\",\"endDate\":\"2026-08-19T21:00:00+02:00\",\"location\":{\"@type\":\"Place\",\"name\":\"M\\u00f6tesrummet\",\"description\":\"\",\"url\":\"\",\"address\":{\"@type\":\"PostalAddress\"},\"telephone\":\"\",\"sameAs\":\"\"},\"performer\":\"Organization\"},{\"@context\":\"http:\/\/schema.org\",\"@type\":\"Event\",\"name\":\"Charlotte Weibull-dagen\",\"description\":\"&lt;p&gt;Uppvisning och prova-p\\u00e5 dans&lt;\/p&gt;\\\\n\",\"url\":\"https:\/\/folkdans.nu\/en\/event\/charlotte-weibull-dagen\/\",\"eventAttendanceMode\":\"https:\/\/schema.org\/OfflineEventAttendanceMode\",\"eventStatus\":\"https:\/\/schema.org\/EventScheduled\",\"startDate\":\"2026-08-23T00:00:00+02:00\",\"endDate\":\"2026-08-23T23:59:59+02:00\",\"location\":{\"@type\":\"Place\",\"name\":\"M\\u00f6lleg\\u00e5rden, \\u00c5karp\",\"description\":\"\",\"url\":\"\",\"address\":{\"@type\":\"PostalAddress\",\"streetAddress\":\"M\\u00f6llev\\u00e4gen 4\",\"addressLocality\":\"\\u00c5karp\",\"postalCode\":\"232 02\",\"addressCountry\":\"Sweden\"},\"telephone\":\"\",\"sameAs\":\"\"},\"performer\":\"Organization\"},{\"@context\":\"http:\/\/schema.org\",\"@type\":\"Event\",\"name\":\"Sk\\u00e5nedan\",\"description\":\"\",\"url\":\"https:\/\/folkdans.nu\/en\/event\/skanedan\/\",\"eventAttendanceMode\":\"https:\/\/schema.org\/OfflineEventAttendanceMode\",\"eventStatus\":\"https:\/\/schema.org\/EventScheduled\",\"startDate\":\"2026-08-30T13:00:00+02:00\",\"endDate\":\"2026-08-30T19:00:00+02:00\",\"location\":{\"@type\":\"Place\",\"name\":\"Trollsj\\u00f6n, Esl\\u00f6v\",\"description\":\"\",\"url\":\"\",\"address\":{\"@type\":\"PostalAddress\",\"streetAddress\":\"Trollsj\\u00f6gatan 32\",\"addressLocality\":\"Esl\\u00f6v\",\"postalCode\":\"241 31\",\"addressCountry\":\"Sweden\"},\"telephone\":\"\",\"sameAs\":\"\"},\"performer\":\"Organization\"},{\"@context\":\"http:\/\/schema.org\",\"@type\":\"Event\",\"name\":\"Jubileumsaktivitet: Hantverksdag\",\"description\":\"\",\"url\":\"https:\/\/folkdans.nu\/en\/event\/jubileumsaktivitet-hantverksdag\/\",\"eventAttendanceMode\":\"https:\/\/schema.org\/OfflineEventAttendanceMode\",\"eventStatus\":\"https:\/\/schema.org\/EventScheduled\",\"startDate\":\"2026-09-12T00:00:00+02:00\",\"endDate\":\"2026-09-12T23:59:59+02:00\",\"performer\":\"Organization\"},{\"@context\":\"http:\/\/schema.org\",\"@type\":\"Event\",\"name\":\"Styrelsem\\u00f6te\",\"description\":\"\",\"url\":\"https:\/\/folkdans.nu\/en\/event\/styrelsemote-3\/\",\"eventAttendanceMode\":\"https:\/\/schema.org\/OfflineEventAttendanceMode\",\"eventStatus\":\"https:\/\/schema.org\/EventScheduled\",\"startDate\":\"2026-09-23T18:00:00+02:00\",\"endDate\":\"2026-09-23T21:00:00+02:00\",\"location\":{\"@type\":\"Place\",\"name\":\"M\\u00f6tesrummet\",\"description\":\"\",\"url\":\"\",\"address\":{\"@type\":\"PostalAddress\"},\"telephone\":\"\",\"sameAs\":\"\"},\"performer\":\"Organization\"},{\"@context\":\"http:\/\/schema.org\",\"@type\":\"Event\",\"name\":\"Funktion\\u00e4rsdag\",\"description\":\"\",\"url\":\"https:\/\/folkdans.nu\/en\/event\/funktionarsdag\/\",\"eventAttendanceMode\":\"https:\/\/schema.org\/OfflineEventAttendanceMode\",\"eventStatus\":\"https:\/\/schema.org\/EventScheduled\",\"startDate\":\"2026-10-17T00:00:00+02:00\",\"endDate\":\"2026-10-17T23:59:59+02:00\",\"performer\":\"Organization\"},{\"@context\":\"http:\/\/schema.org\",\"@type\":\"Event\",\"name\":\"Styrelsem\\u00f6te\",\"description\":\"\",\"url\":\"https:\/\/folkdans.nu\/en\/event\/styrelsemote-4\/\",\"eventAttendanceMode\":\"https:\/\/schema.org\/OfflineEventAttendanceMode\",\"eventStatus\":\"https:\/\/schema.org\/EventScheduled\",\"startDate\":\"2026-11-18T18:00:00+01:00\",\"endDate\":\"2026-11-18T21:00:00+01:00\",\"location\":{\"@type\":\"Place\",\"name\":\"M\\u00f6tesrummet\",\"description\":\"\",\"url\":\"\",\"address\":{\"@type\":\"PostalAddress\"},\"telephone\":\"\",\"sameAs\":\"\"},\"performer\":\"Organization\"},{\"@context\":\"http:\/\/schema.org\",\"@type\":\"Event\",\"name\":\"Styrelsem\\u00f6te\",\"description\":\"\",\"url\":\"https:\/\/folkdans.nu\/en\/event\/styrelsemote-5\/\",\"eventAttendanceMode\":\"https:\/\/schema.org\/OfflineEventAttendanceMode\",\"eventStatus\":\"https:\/\/schema.org\/EventScheduled\",\"startDate\":\"2027-01-13T18:00:00+01:00\",\"endDate\":\"2027-01-13T21:00:00+01:00\",\"location\":{\"@type\":\"Place\",\"name\":\"M\\u00f6tesrummet\",\"description\":\"\",\"url\":\"\",\"address\":{\"@type\":\"PostalAddress\"},\"telephone\":\"\",\"sameAs\":\"\"},\"performer\":\"Organization\"},{\"@context\":\"http:\/\/schema.org\",\"@type\":\"Event\",\"name\":\"Styrelsem\\u00f6te\",\"description\":\"\",\"url\":\"https:\/\/folkdans.nu\/en\/event\/styrelsemote-6\/\",\"eventAttendanceMode\":\"https:\/\/schema.org\/OfflineEventAttendanceMode\",\"eventStatus\":\"https:\/\/schema.org\/EventScheduled\",\"startDate\":\"2027-03-03T18:00:00+01:00\",\"endDate\":\"2027-03-03T21:00:00+01:00\",\"location\":{\"@type\":\"Place\",\"name\":\"M\\u00f6tesrummet\",\"description\":\"\",\"url\":\"\",\"address\":{\"@type\":\"PostalAddress\"},\"telephone\":\"\",\"sameAs\":\"\"},\"performer\":\"Organization\"},{\"@context\":\"http:\/\/schema.org\",\"@type\":\"Event\",\"name\":\"\\u00c5rsm\\u00f6te\",\"description\":\"\",\"url\":\"https:\/\/folkdans.nu\/en\/event\/arsmote\/\",\"eventAttendanceMode\":\"https:\/\/schema.org\/OfflineEventAttendanceMode\",\"eventStatus\":\"https:\/\/schema.org\/EventScheduled\",\"startDate\":\"2027-03-13T10:00:00+01:00\",\"endDate\":\"2027-03-13T15:00:00+01:00\",\"location\":{\"@type\":\"Place\",\"name\":\"Lilla salen\",\"description\":\"\",\"url\":\"\",\"address\":{\"@type\":\"PostalAddress\"},\"telephone\":\"\",\"sameAs\":\"\"},\"performer\":\"Organization\"},{\"@context\":\"http:\/\/schema.org\",\"@type\":\"Event\",\"name\":\"Styrelsem\\u00f6te\",\"description\":\"\",\"url\":\"https:\/\/folkdans.nu\/en\/event\/styrelsemote-7\/\",\"eventAttendanceMode\":\"https:\/\/schema.org\/OfflineEventAttendanceMode\",\"eventStatus\":\"https:\/\/schema.org\/EventScheduled\",\"startDate\":\"2027-03-31T18:00:00+02:00\",\"endDate\":\"2027-03-31T21:00:00+02:00\",\"location\":{\"@type\":\"Place\",\"name\":\"M\\u00f6tesrummet\",\"description\":\"\",\"url\":\"\",\"address\":{\"@type\":\"PostalAddress\"},\"telephone\":\"\",\"sameAs\":\"\"},\"performer\":\"Organization\"}]\r\n<\/script><div id=\"ectbe-wrapper-d77f44f\" class=\"ectbe-wrapper ectbe-minimal-list-wrapper style-1\"><div id=\"event-1203\" class=\"ectbe-inner-wrapper ectbe-simple-event\"><div id=\"ectbe-date\" class=\"ectbe-date-area\">\n\t\t\t\t\t\t<span class=\"ectbe-ev-mo\">May<\/span>\n\t\t\t\t\t\t<span class=\"ectbe-ev-day\">03<\/span>\n\t\t\t\t\t<\/div><div class=\"ectbe-content-box\"><div class=\"ectbe-evt-time\"><i class=\"ectbe-icon-clock\"><\/i>10:00 - 12:00<\/div><div class=\"ectbe-evt-title\"><a class=\"ectbe-evt-url\" href=\"https:\/\/folkdans.nu\/en\/event\/fackeldanstraning\/\">Fackeldanstr\u00e4ning<\/a><\/div><div class=\"ectbe-evt-more-box\"><a class=\"ectbe-evt-read-more\" href=\"https:\/\/folkdans.nu\/en\/event\/fackeldanstraning\/\">Find out more<\/a><\/div><\/div><\/div><div id=\"event-1174\" class=\"ectbe-inner-wrapper ectbe-simple-event\"><div id=\"ectbe-date\" class=\"ectbe-date-area\">\n\t\t\t\t\t\t<span class=\"ectbe-ev-mo\">May<\/span>\n\t\t\t\t\t\t<span class=\"ectbe-ev-day\">05<\/span>\n\t\t\t\t\t<\/div><div class=\"ectbe-content-box\"><div class=\"ectbe-evt-time\"><i class=\"ectbe-icon-clock\"><\/i>18:00 - 21:00<\/div><div class=\"ectbe-evt-title\"><a class=\"ectbe-evt-url\" href=\"https:\/\/folkdans.nu\/en\/event\/styrelsemote\/\">Styrelsem\u00f6te<\/a><\/div><div class=\"ectbe-evt-more-box\"><a class=\"ectbe-evt-read-more\" href=\"https:\/\/folkdans.nu\/en\/event\/styrelsemote\/\">Find out more<\/a><\/div><\/div><\/div><div id=\"event-947\" class=\"ectbe-inner-wrapper ectbe-simple-event\"><div id=\"ectbe-date\" class=\"ectbe-date-area\">\n\t\t\t\t\t\t<span class=\"ectbe-ev-mo\">May<\/span>\n\t\t\t\t\t\t<span class=\"ectbe-ev-day\">13<\/span>\n\t\t\t\t\t<\/div><div class=\"ectbe-content-box\"><div class=\"ectbe-evt-time\"><i class=\"ectbe-icon-clock\"><\/i>18:00 - 22:00<\/div><div class=\"ectbe-evt-title\"><a class=\"ectbe-evt-url\" href=\"https:\/\/folkdans.nu\/en\/event\/funktionarstraff\/\">Funktion\u00e4rstr\u00e4ff<\/a><\/div><div class=\"ectbe-evt-more-box\"><a class=\"ectbe-evt-read-more\" href=\"https:\/\/folkdans.nu\/en\/event\/funktionarstraff\/\">Find out more<\/a><\/div><\/div><\/div><div id=\"event-1188\" class=\"ectbe-inner-wrapper ectbe-simple-event\"><div id=\"ectbe-date\" class=\"ectbe-date-area\">\n\t\t\t\t\t\t<span class=\"ectbe-ev-mo\">May<\/span>\n\t\t\t\t\t\t<span class=\"ectbe-ev-day\">13<\/span>\n\t\t\t\t\t<\/div><div class=\"ectbe-content-box\"><div class=\"ectbe-evt-time\"><i class=\"ectbe-icon-clock\"><\/i>18:30 - 21:00<\/div><div class=\"ectbe-evt-title\"><a class=\"ectbe-evt-url\" href=\"https:\/\/folkdans.nu\/en\/event\/halvarsmote\/\">Halv\u00e5rsm\u00f6te<\/a><\/div><div class=\"ectbe-evt-more-box\"><a class=\"ectbe-evt-read-more\" href=\"https:\/\/folkdans.nu\/en\/event\/halvarsmote\/\">Find out more<\/a><\/div><\/div><\/div><div id=\"event-1079\" class=\"ectbe-inner-wrapper ectbe-simple-event\"><div id=\"ectbe-date\" class=\"ectbe-date-area\">\n\t\t\t\t\t\t<span class=\"ectbe-ev-mo\">May<\/span>\n\t\t\t\t\t\t<span class=\"ectbe-ev-day\">25<\/span>\n\t\t\t\t\t<\/div><div class=\"ectbe-content-box\"><div class=\"ectbe-evt-time\"><i class=\"ectbe-icon-clock\"><\/i>All day<\/div><div class=\"ectbe-evt-title\"><a class=\"ectbe-evt-url\" href=\"https:\/\/folkdans.nu\/en\/event\/kurs-for-arskurs-9-infor-bal\/\">Kurs f\u00f6r \u00e5rskurs 9 inf\u00f6r bal<\/a><\/div><div class=\"ectbe-evt-more-box\"><a class=\"ectbe-evt-read-more\" href=\"https:\/\/folkdans.nu\/en\/event\/kurs-for-arskurs-9-infor-bal\/\">Find out more<\/a><\/div><\/div><\/div><\/div>\t\t\t\t<\/div>\n\t\t\t\t<\/div>\n\t\t\t\t\t<\/div>\n\t\t\t\t<\/div>\n\t\t<div class=\"elementor-element elementor-element-44bb8dc e-grid e-con-boxed e-con e-parent\" data-id=\"44bb8dc\" data-element_type=\"container\" data-e-type=\"container\">\n\t\t\t\t\t<div class=\"e-con-inner\">\n\t\t<div class=\"elementor-element elementor-element-abff1f8 e-con-full e-flex e-con e-child\" data-id=\"abff1f8\" data-element_type=\"container\" data-e-type=\"container\">\n\t\t\t\t<div class=\"elementor-element elementor-element-05ffbef elementor-widget elementor-widget-spacer\" data-id=\"05ffbef\" data-element_type=\"widget\" data-e-type=\"widget\" data-widget_type=\"spacer.default\">\n\t\t\t\t\t\t\t<div class=\"elementor-spacer\">\n\t\t\t<div class=\"elementor-spacer-inner\"><\/div>\n\t\t<\/div>\n\t\t\t\t\t\t<\/div>\n\t\t\t\t<\/div>\n\t\t\t\t<div class=\"elementor-element elementor-element-f7ce904 elementor-align-center elementor-widget elementor-widget-button\" data-id=\"f7ce904\" data-element_type=\"widget\" data-e-type=\"widget\" data-widget_type=\"button.default\">\n\t\t\t\t\t\t\t\t\t\t<a class=\"elementor-button elementor-button-link elementor-size-sm\" href=\"https:\/\/folkdans.nu\/medlem\/\">\n\t\t\t\t\t\t<span class=\"elementor-button-content-wrapper\">\n\t\t\t\t\t\t\t\t\t<span class=\"elementor-button-text\">Medlemssida<\/span>\n\t\t\t\t\t<\/span>\n\t\t\t\t\t<\/a>\n\t\t\t\t\t\t\t\t<\/div>\n\t\t\t\t\t<\/div>\n\t\t\t\t<\/div>\n\t\t\t\t<\/div>\n\t\t","protected":false},"excerpt":{"rendered":"<p>Tr\u00e4ningstider M\u00e5ndagar:18.00-18.45 Knattelaget18.00-19.00 Barnlaget18.45-21.00 Vuxna Folkdans Tempo\/teknik Tisdagar udda veckor:19.00-21.00 Herrskapsdansarna Torsdagar:18.30-20.00 Nyb\u00f6rjare och forts\u00e4ttningskurs19.00-21.00 Vuxna Folkdans apr 02 19:00 &#8211; 21:00\u00c4ggafestFind out more apr 11 All dayM\u00e5ngkulturellt projektFind out [&hellip;]<\/p>\n","protected":false},"author":2,"featured_media":0,"parent":0,"menu_order":0,"comment_status":"closed","ping_status":"closed","template":"","meta":{"footnotes":""},"class_list":["post-443","page","type-page","status-publish","hentry"],"_links":{"self":[{"href":"https:\/\/folkdans.nu\/en\/wp-json\/wp\/v2\/pages\/443","targetHints":{"allow":["GET"]}}],"collection":[{"href":"https:\/\/folkdans.nu\/en\/wp-json\/wp\/v2\/pages"}],"about":[{"href":"https:\/\/folkdans.nu\/en\/wp-json\/wp\/v2\/types\/page"}],"author":[{"embeddable":true,"href":"https:\/\/folkdans.nu\/en\/wp-json\/wp\/v2\/users\/2"}],"replies":[{"embeddable":true,"href":"https:\/\/folkdans.nu\/en\/wp-json\/wp\/v2\/comments?post=443"}],"version-history":[{"count":14,"href":"https:\/\/folkdans.nu\/en\/wp-json\/wp\/v2\/pages\/443\/revisions"}],"predecessor-version":[{"id":1233,"href":"https:\/\/folkdans.nu\/en\/wp-json\/wp\/v2\/pages\/443\/revisions\/1233"}],"wp:attachment":[{"href":"https:\/\/folkdans.nu\/en\/wp-json\/wp\/v2\/media?parent=443"}],"curies":[{"name":"wp","href":"https:\/\/api.w.org\/{rel}","templated":true}]}}